{"id":43,"date":"2018-05-14T15:36:43","date_gmt":"2018-05-14T13:36:43","guid":{"rendered":"http:\/\/kbk.home.pl\/wordpress\/?page_id=43"},"modified":"2026-04-15T08:43:34","modified_gmt":"2026-04-15T06:43:34","slug":"wladze","status":"publish","type":"page","link":"https:\/\/kbk.katowice.pl\/index.php\/wladze\/","title":{"rendered":"W\u0142adze"},"content":{"rendered":"<p><strong>Zarz\u0105d Bractwa<\/strong><\/p>\n<p>Edward K\u00f3ska -Prezes Zarz\u0105du &#8211; Hetman<\/p>\n<p>Jerzy B\u0119dkowski &#8211; Wiceprezes Zarz\u0105du \u2013 Stra\u017cnik Honoru i Tradycji<\/p>\n<p>Jaros\u0142aw Witas &#8211; Wiceprezes Zarz\u0105du &#8211; Mistrz Ceremonii<\/p>\n<p>Zbigniew Kosakowski\u00a0&#8211; Skarbnik \u2013 Stra\u017cnik Skarbu<\/p>\n<p>Zygmunt Mo\u017cd\u017ce\u0144 &#8211; cz\u0142onek zarz\u0105du \u2013 Stra\u017cnik Broni<\/p>\n<p>Micha\u0142 Gawro\u0144ski &#8211; Cz\u0142onek Zarz\u0105du<\/p>\n<p>Piotr Mazur &#8211; Sekretarz &#8211; Stra\u017cnik Pergaminu<\/p>\n<p><strong>Komisja Rewizyjna<\/strong><\/p>\n<p>Roland Stasiak &#8211; Przewodnicz\u0105cy Komisji Rewizyjnej<\/p>\n<p>Ireneusz Tkacz &#8211; Cz\u0142onek Komisji Rewizyjnej<\/p>\n<p>EwaGrzegorzak-\u0141oposzko- Cz\u0142onek Komisji Rewizyjnej<\/p>\n<p><strong>S\u0105d \u00a0Kole\u017ce\u0144ski\u00a0<\/strong><\/p>\n<p>Andrzej Huras &#8211; Przewodnicz\u0105cy S\u0105du Kole\u017ce\u0144skiego<\/p>\n<p>Piotr Wosinek &#8211; Cz\u0142onek s\u0105du Kole\u017ce\u0144skiego<\/p>\n<p><strong>Cz\u0142onkowie Bractwa &#8211; Siostry i\u00a0Bracia<\/strong><\/p>\n<p>Pawe\u0142 Ciemniewski<\/p>\n<p>Zbigniew Dziembowski<\/p>\n<p>Piotr Hornik<\/p>\n<p>Janusz Kijas<\/p>\n<p>Jacek Kocot<\/p>\n<p>Grzegorz Kosi\u0144ski<\/p>\n<p>Piotr K\u00f3ska<\/p>\n<p>Krzysztof Kurzeja<\/p>\n<p>Pawe\u0142 Kwiatkowski<\/p>\n<p>Zenon \u0141aska<\/p>\n<p>Krzysztof Marek<\/p>\n<p>Aleksander Peterko<\/p>\n<p>&nbsp;<\/p>\n<p>&nbsp;<\/p>\n<p>&nbsp;<\/p>\n<p>&nbsp;<\/p>\n<p>&nbsp;<\/p>\n<p>&nbsp;<\/p>\n<p>&nbsp;<\/p>\n<p>&nbsp;<\/p>\n","protected":false},"excerpt":{"rendered":"<p>Zarz\u0105d Bractwa Edward K\u00f3ska -Prezes Zarz\u0105du &#8211; Hetman Jerzy B\u0119dkowski &#8211; Wiceprezes Zarz\u0105du \u2013 Stra\u017cnik Honoru i Tradycji Jaros\u0142aw Witas &#8211; Wiceprezes Zarz\u0105du &#8211; Mistrz Ceremonii Zbigniew Kosakowski\u00a0&#8211; Skarbnik \u2013 Stra\u017cnik Skarbu Zygmunt Mo\u017cd\u017ce\u0144 &#8211;<a class=\"read-more\" href=\"https:\/\/kbk.katowice.pl\/index.php\/wladze\/\">Czytaj dalej<\/a><\/p>\n","protected":false},"author":1,"featured_media":0,"parent":0,"menu_order":0,"comment_status":"closed","ping_status":"closed","template":"","meta":{"footnotes":""},"class_list":["post-43","page","type-page","status-publish","hentry"],"_links":{"self":[{"href":"https:\/\/kbk.katowice.pl\/index.php\/wp-json\/wp\/v2\/pages\/43","targetHints":{"allow":["GET"]}}],"collection":[{"href":"https:\/\/kbk.katowice.pl\/index.php\/wp-json\/wp\/v2\/pages"}],"about":[{"href":"https:\/\/kbk.katowice.pl\/index.php\/wp-json\/wp\/v2\/types\/page"}],"author":[{"embeddable":true,"href":"https:\/\/kbk.katowice.pl\/index.php\/wp-json\/wp\/v2\/users\/1"}],"replies":[{"embeddable":true,"href":"https:\/\/kbk.katowice.pl\/index.php\/wp-json\/wp\/v2\/comments?post=43"}],"version-history":[{"count":35,"href":"https:\/\/kbk.katowice.pl\/index.php\/wp-json\/wp\/v2\/pages\/43\/revisions"}],"predecessor-version":[{"id":1571,"href":"https:\/\/kbk.katowice.pl\/index.php\/wp-json\/wp\/v2\/pages\/43\/revisions\/1571"}],"wp:attachment":[{"href":"https:\/\/kbk.katowice.pl\/index.php\/wp-json\/wp\/v2\/media?parent=43"}],"curies":[{"name":"wp","href":"https:\/\/api.w.org\/{rel}","templated":true}]}}